{"id":1076,"date":"2023-06-15T18:42:28","date_gmt":"2023-06-15T10:42:28","guid":{"rendered":"https:\/\/www.generations.edu.mo\/childcare-after-class-tutorial\/"},"modified":"2025-09-12T16:02:51","modified_gmt":"2025-09-12T08:02:51","slug":"childcare-after-class-tutorial","status":"publish","type":"page","link":"https:\/\/uat.generations.edu.mo\/pt-pt\/childcare-after-class-tutorial\/","title":{"rendered":"Programa P\u00f3s-Escolar"},"content":{"rendered":"\n<div class=\"wp-block-group is-nowrap is-layout-flex wp-container-core-group-is-layout-3 wp-block-group-is-layout-flex\">\n<figure class=\"wp-block-image size-full\"><img decoding=\"async\" src=\"https:\/\/generations-edu-mo.ap-south-1.linodeobjects.com\/wp-content\/uploads\/2025\/08\/72cf21a8_1754626136.jpg\" alt=\"\" class=\"wp-image-3869\"\/><\/figure>\n\n\n\n<div class=\"wp-block-group is-vertical is-layout-flex wp-container-core-group-is-layout-2 wp-block-group-is-layout-flex\">\n<div class=\"wp-block-group is-layout-constrained wp-block-group-is-layout-constrained\">\n<p>Ap\u00f3s o fim das aulas, profissionais qualificados supervisionam os alunos, oferecendo assist\u00eancia nos trabalhos de casa, atividades educacionais e estimulando um per\u00edodo de brincadeira e lazer. Estes programas visam promover a socializa\u00e7\u00e3o, o trabalho de equipa e o desenvolvimento pessoal por meio de jogos estruturados, artes, desporto e outras atividades recreativas.<\/p>\n\n\n\n<p>O programa p\u00f3s-escolar da GERA\u00c7\u00d5ES inclui Aulas de Apoio para alunos que possam beneficiar de apoio adicional, seja num grupo mais pequeno ou num ambiente individual. Estas Aulas de Apoio est\u00e3o inclu\u00eddas nas propinas escolares n\u00e3o representando, portanto, qualquer encargo adicional para os pais. Para se inscreverem nas Aulas de Apoio, \u00e9 necess\u00e1rio que haja uma proposta do Director de Turma ou de outro professor, dirigido \u00e0 Dire\u00e7\u00e3o da Escola.<\/p>\n\n\n\n<p>Os alunos que n\u00e3o s\u00e3o propostos para Aulas de Apoio, mas que desejem ter apoio adicional, t\u00eam a op\u00e7\u00e3o de se inscrever no Clube de Estudo GERA\u00c7\u00d5ES, e beneficiam do apoio dos professores ap\u00f3s o hor\u00e1rio regular de aulas.<\/p>\n\n\n\n<p>A GERA\u00c7\u00d5ES tamb\u00e9m oferece aos alunos a oportunidade de permanecerem na escola, n\u00e3o apenas para estudar, mas tamb\u00e9m para relaxar e fortalecer seus la\u00e7os sociais com a comunidade escolar, pois isso tamb\u00e9m constitui uma parte fundamental de seu desenvolvimento pessoal.<\/p>\n\n\n\n<p>Para mais informa\u00e7\u00f5es sobre todas estas op\u00e7\u00f5es, agradecemos que contacte a nossa equipa administrativa.<\/p>\n<\/div>\n<\/div>\n<\/div>\n","protected":false},"excerpt":{"rendered":"<p>Ap\u00f3s o fim das aulas, profissionais qualificados supervisionam os alunos, oferecendo assist\u00eancia nos trabalhos de casa, atividades educacionais e estimulando um per\u00edodo de brincadeira e lazer. Estes programas visam promover a socializa\u00e7\u00e3o, o trabalho de equipa e o desenvolvimento pessoal por meio de jogos estruturados, artes, desporto e outras atividades recreativas. O programa p\u00f3s-escolar da [&hellip;]<\/p>\n","protected":false},"author":1,"featured_media":0,"parent":0,"menu_order":0,"comment_status":"closed","ping_status":"closed","template":"","meta":{"_acf_changed":false,"footnotes":""},"class_list":["post-1076","page","type-page","status-publish","hentry"],"acf":{"banner":""},"_links":{"self":[{"href":"https:\/\/uat.generations.edu.mo\/pt-pt\/wp-json\/wp\/v2\/pages\/1076"}],"collection":[{"href":"https:\/\/uat.generations.edu.mo\/pt-pt\/wp-json\/wp\/v2\/pages"}],"about":[{"href":"https:\/\/uat.generations.edu.mo\/pt-pt\/wp-json\/wp\/v2\/types\/page"}],"author":[{"embeddable":true,"href":"https:\/\/uat.generations.edu.mo\/pt-pt\/wp-json\/wp\/v2\/users\/1"}],"replies":[{"embeddable":true,"href":"https:\/\/uat.generations.edu.mo\/pt-pt\/wp-json\/wp\/v2\/comments?post=1076"}],"version-history":[{"count":5,"href":"https:\/\/uat.generations.edu.mo\/pt-pt\/wp-json\/wp\/v2\/pages\/1076\/revisions"}],"predecessor-version":[{"id":6126,"href":"https:\/\/uat.generations.edu.mo\/pt-pt\/wp-json\/wp\/v2\/pages\/1076\/revisions\/6126"}],"wp:attachment":[{"href":"https:\/\/uat.generations.edu.mo\/pt-pt\/wp-json\/wp\/v2\/media?parent=1076"}],"curies":[{"name":"wp","href":"https:\/\/api.w.org\/{rel}","templated":true}]}}